{"id":19540,"date":"2026-03-24T13:40:15","date_gmt":"2026-03-24T11:40:15","guid":{"rendered":"https:\/\/oficinaeconomicagalicia.xunta.gal\/eventos\/webinar-webinario-primeros-pasos-para-vender-en-amazon-que-debes-tener-en-cuenta\/"},"modified":"2026-04-14T17:01:10","modified_gmt":"2026-04-14T15:01:10","slug":"webinar-webinario-primeros-pasos-para-vender-en-amazon-que-debes-tener-en-cuenta","status":"publish","type":"eventos","link":"https:\/\/oficinaeconomicagalicia.xunta.gal\/es\/eventos\/webinar-webinario-primeros-pasos-para-vender-en-amazon-que-debes-tener-en-cuenta\/","title":{"rendered":"Webinar | Webinario | Primeros pasos para vender en Amazon: qu\u00e9 debes tener en cuenta"},"content":{"rendered":"<p>Celebramos una sesi\u00f3n en l\u00ednea en la que abordaremos los aspectos fundamentales para las personas que deseen empezar a vender en Amazon. A lo largo de la sesi\u00f3n, se tratar\u00e1n buenas pr\u00e1cticas para optimizar los listados, mejorar la visibilidad de los productos, evitar errores comunes, as\u00ed como nociones b\u00e1sicas de posicionamiento.<\/p>\n<div>\n<p><b>13:00 |<\/b> Ponencia a cargo de:<\/p>\n<ul>\n<li>Na\u00edr Millos, consultora de marketing digital y experta colaboradora de la Oficina Econ\u00f3mica de Galicia<\/li>\n<\/ul>\n<p><b>13:30 | <\/b>Preguntas<\/p>\n<\/div>\n","protected":false},"excerpt":{"rendered":"<p>Celebramos una sesi\u00f3n en l\u00ednea sobre los primeros pasos para vender en Amazon.<\/p>\n","protected":false},"featured_media":19328,"template":"","class_list":["post-19540","eventos","type-eventos","status-publish","has-post-thumbnail","hentry"],"yoast_head":"<!-- This site is optimized with the Yoast SEO plugin v27.5 - https:\/\/yoast.com\/product\/yoast-seo-wordpress\/ -->\n<title>Webinar | Webinario | Primeros pasos para vender en Amazon: qu\u00e9 debes tener en cuenta - Oficina Econ\u00f3mica de Galicia<\/title>\n<meta name=\"robots\" content=\"index, follow, max-snippet:-1, max-image-preview:large, max-video-preview:-1\" \/>\n<link rel=\"canonical\" href=\"https:\/\/oficinaeconomicagalicia.xunta.gal\/es\/eventos\/webinar-webinario-primeros-pasos-para-vender-en-amazon-que-debes-tener-en-cuenta\/\" \/>\n<meta property=\"og:locale\" content=\"es_ES\" \/>\n<meta property=\"og:type\" content=\"article\" \/>\n<meta property=\"og:title\" content=\"Webinar | Webinario | Primeros pasos para vender en Amazon: qu\u00e9 debes tener en cuenta - Oficina Econ\u00f3mica de Galicia\" \/>\n<meta property=\"og:description\" content=\"Celebramos una sesi\u00f3n en l\u00ednea sobre los primeros pasos para vender en Amazon.\" \/>\n<meta property=\"og:url\" content=\"https:\/\/oficinaeconomicagalicia.xunta.gal\/es\/eventos\/webinar-webinario-primeros-pasos-para-vender-en-amazon-que-debes-tener-en-cuenta\/\" \/>\n<meta property=\"og:site_name\" content=\"Oficina Econ\u00f3mica de Galicia\" \/>\n<meta property=\"article:publisher\" content=\"https:\/\/www.facebook.com\/OficinaEconomicadeGalicia\/\" \/>\n<meta property=\"article:modified_time\" content=\"2026-04-14T15:01:10+00:00\" \/>\n<meta property=\"og:image\" content=\"https:\/\/oficinaeconomicagalicia.xunta.gal\/wp-content\/uploads\/2026\/03\/1477-1.jpg\" \/>\n\t<meta property=\"og:image:width\" content=\"1000\" \/>\n\t<meta property=\"og:image:height\" content=\"667\" \/>\n\t<meta property=\"og:image:type\" content=\"image\/jpeg\" \/>\n<meta name=\"twitter:card\" content=\"summary_large_image\" \/>\n<script type=\"application\/ld+json\" class=\"yoast-schema-graph\">{\"@context\":\"https:\\\/\\\/schema.org\",\"@graph\":[{\"@type\":\"WebPage\",\"@id\":\"https:\\\/\\\/oficinaeconomicagalicia.xunta.gal\\\/es\\\/eventos\\\/webinar-webinario-primeros-pasos-para-vender-en-amazon-que-debes-tener-en-cuenta\\\/\",\"url\":\"https:\\\/\\\/oficinaeconomicagalicia.xunta.gal\\\/es\\\/eventos\\\/webinar-webinario-primeros-pasos-para-vender-en-amazon-que-debes-tener-en-cuenta\\\/\",\"name\":\"Webinar | Webinario | Primeros pasos para vender en Amazon: qu\u00e9 debes tener en cuenta - Oficina Econ\u00f3mica de Galicia\",\"isPartOf\":{\"@id\":\"https:\\\/\\\/oficinaeconomicagalicia.xunta.gal\\\/#website\"},\"primaryImageOfPage\":{\"@id\":\"https:\\\/\\\/oficinaeconomicagalicia.xunta.gal\\\/es\\\/eventos\\\/webinar-webinario-primeros-pasos-para-vender-en-amazon-que-debes-tener-en-cuenta\\\/#primaryimage\"},\"image\":{\"@id\":\"https:\\\/\\\/oficinaeconomicagalicia.xunta.gal\\\/es\\\/eventos\\\/webinar-webinario-primeros-pasos-para-vender-en-amazon-que-debes-tener-en-cuenta\\\/#primaryimage\"},\"thumbnailUrl\":\"https:\\\/\\\/oficinaeconomicagalicia.xunta.gal\\\/wp-content\\\/uploads\\\/2026\\\/03\\\/1477-1.jpg\",\"datePublished\":\"2026-03-24T11:40:15+00:00\",\"dateModified\":\"2026-04-14T15:01:10+00:00\",\"breadcrumb\":{\"@id\":\"https:\\\/\\\/oficinaeconomicagalicia.xunta.gal\\\/es\\\/eventos\\\/webinar-webinario-primeros-pasos-para-vender-en-amazon-que-debes-tener-en-cuenta\\\/#breadcrumb\"},\"inLanguage\":\"es\",\"potentialAction\":[{\"@type\":\"ReadAction\",\"target\":[\"https:\\\/\\\/oficinaeconomicagalicia.xunta.gal\\\/es\\\/eventos\\\/webinar-webinario-primeros-pasos-para-vender-en-amazon-que-debes-tener-en-cuenta\\\/\"]}]},{\"@type\":\"ImageObject\",\"inLanguage\":\"es\",\"@id\":\"https:\\\/\\\/oficinaeconomicagalicia.xunta.gal\\\/es\\\/eventos\\\/webinar-webinario-primeros-pasos-para-vender-en-amazon-que-debes-tener-en-cuenta\\\/#primaryimage\",\"url\":\"https:\\\/\\\/oficinaeconomicagalicia.xunta.gal\\\/wp-content\\\/uploads\\\/2026\\\/03\\\/1477-1.jpg\",\"contentUrl\":\"https:\\\/\\\/oficinaeconomicagalicia.xunta.gal\\\/wp-content\\\/uploads\\\/2026\\\/03\\\/1477-1.jpg\",\"width\":1000,\"height\":667},{\"@type\":\"BreadcrumbList\",\"@id\":\"https:\\\/\\\/oficinaeconomicagalicia.xunta.gal\\\/es\\\/eventos\\\/webinar-webinario-primeros-pasos-para-vender-en-amazon-que-debes-tener-en-cuenta\\\/#breadcrumb\",\"itemListElement\":[{\"@type\":\"ListItem\",\"position\":1,\"name\":\"Inicio\",\"item\":\"https:\\\/\\\/oficinaeconomicagalicia.xunta.gal\\\/\"},{\"@type\":\"ListItem\",\"position\":2,\"name\":\"Webinar | Webinario | Primeros pasos para vender en Amazon: qu\u00e9 debes tener en cuenta\"}]},{\"@type\":\"WebSite\",\"@id\":\"https:\\\/\\\/oficinaeconomicagalicia.xunta.gal\\\/#website\",\"url\":\"https:\\\/\\\/oficinaeconomicagalicia.xunta.gal\\\/\",\"name\":\"Oficina Econ\u00f3mica de Galicia\",\"description\":\"Convertir calquera tr\u00e1mite nun mero tr\u00e1mite\",\"publisher\":{\"@id\":\"https:\\\/\\\/oficinaeconomicagalicia.xunta.gal\\\/#organization\"},\"potentialAction\":[{\"@type\":\"SearchAction\",\"target\":{\"@type\":\"EntryPoint\",\"urlTemplate\":\"https:\\\/\\\/oficinaeconomicagalicia.xunta.gal\\\/?s={search_term_string}\"},\"query-input\":{\"@type\":\"PropertyValueSpecification\",\"valueRequired\":true,\"valueName\":\"search_term_string\"}}],\"inLanguage\":\"es\"},{\"@type\":\"Organization\",\"@id\":\"https:\\\/\\\/oficinaeconomicagalicia.xunta.gal\\\/#organization\",\"name\":\"Oficina Econ\u00f3mica de Galicia\",\"alternateName\":\"OEG\",\"url\":\"https:\\\/\\\/oficinaeconomicagalicia.xunta.gal\\\/\",\"logo\":{\"@type\":\"ImageObject\",\"inLanguage\":\"es\",\"@id\":\"https:\\\/\\\/oficinaeconomicagalicia.xunta.gal\\\/#\\\/schema\\\/logo\\\/image\\\/\",\"url\":\"https:\\\/\\\/oficinaeconomicagalicia.xunta.gal\\\/wp-content\\\/uploads\\\/2023\\\/04\\\/xunta.svg\",\"contentUrl\":\"https:\\\/\\\/oficinaeconomicagalicia.xunta.gal\\\/wp-content\\\/uploads\\\/2023\\\/04\\\/xunta.svg\",\"width\":5952.76,\"height\":1700.79,\"caption\":\"Oficina Econ\u00f3mica de Galicia\"},\"image\":{\"@id\":\"https:\\\/\\\/oficinaeconomicagalicia.xunta.gal\\\/#\\\/schema\\\/logo\\\/image\\\/\"},\"sameAs\":[\"https:\\\/\\\/www.facebook.com\\\/OficinaEconomicadeGalicia\\\/\",\"https:\\\/\\\/www.linkedin.com\\\/company\\\/oficina-economica-de-galicia\\\/\"]}]}<\/script>\n<!-- \/ Yoast SEO plugin. -->","yoast_head_json":{"title":"Webinar | Webinario | Primeros pasos para vender en Amazon: qu\u00e9 debes tener en cuenta - Oficina Econ\u00f3mica de Galicia","robots":{"index":"index","follow":"follow","max-snippet":"max-snippet:-1","max-image-preview":"max-image-preview:large","max-video-preview":"max-video-preview:-1"},"canonical":"https:\/\/oficinaeconomicagalicia.xunta.gal\/es\/eventos\/webinar-webinario-primeros-pasos-para-vender-en-amazon-que-debes-tener-en-cuenta\/","og_locale":"es_ES","og_type":"article","og_title":"Webinar | Webinario | Primeros pasos para vender en Amazon: qu\u00e9 debes tener en cuenta - Oficina Econ\u00f3mica de Galicia","og_description":"Celebramos una sesi\u00f3n en l\u00ednea sobre los primeros pasos para vender en Amazon.","og_url":"https:\/\/oficinaeconomicagalicia.xunta.gal\/es\/eventos\/webinar-webinario-primeros-pasos-para-vender-en-amazon-que-debes-tener-en-cuenta\/","og_site_name":"Oficina Econ\u00f3mica de Galicia","article_publisher":"https:\/\/www.facebook.com\/OficinaEconomicadeGalicia\/","article_modified_time":"2026-04-14T15:01:10+00:00","og_image":[{"width":1000,"height":667,"url":"https:\/\/oficinaeconomicagalicia.xunta.gal\/wp-content\/uploads\/2026\/03\/1477-1.jpg","type":"image\/jpeg"}],"twitter_card":"summary_large_image","schema":{"@context":"https:\/\/schema.org","@graph":[{"@type":"WebPage","@id":"https:\/\/oficinaeconomicagalicia.xunta.gal\/es\/eventos\/webinar-webinario-primeros-pasos-para-vender-en-amazon-que-debes-tener-en-cuenta\/","url":"https:\/\/oficinaeconomicagalicia.xunta.gal\/es\/eventos\/webinar-webinario-primeros-pasos-para-vender-en-amazon-que-debes-tener-en-cuenta\/","name":"Webinar | Webinario | Primeros pasos para vender en Amazon: qu\u00e9 debes tener en cuenta - Oficina Econ\u00f3mica de Galicia","isPartOf":{"@id":"https:\/\/oficinaeconomicagalicia.xunta.gal\/#website"},"primaryImageOfPage":{"@id":"https:\/\/oficinaeconomicagalicia.xunta.gal\/es\/eventos\/webinar-webinario-primeros-pasos-para-vender-en-amazon-que-debes-tener-en-cuenta\/#primaryimage"},"image":{"@id":"https:\/\/oficinaeconomicagalicia.xunta.gal\/es\/eventos\/webinar-webinario-primeros-pasos-para-vender-en-amazon-que-debes-tener-en-cuenta\/#primaryimage"},"thumbnailUrl":"https:\/\/oficinaeconomicagalicia.xunta.gal\/wp-content\/uploads\/2026\/03\/1477-1.jpg","datePublished":"2026-03-24T11:40:15+00:00","dateModified":"2026-04-14T15:01:10+00:00","breadcrumb":{"@id":"https:\/\/oficinaeconomicagalicia.xunta.gal\/es\/eventos\/webinar-webinario-primeros-pasos-para-vender-en-amazon-que-debes-tener-en-cuenta\/#breadcrumb"},"inLanguage":"es","potentialAction":[{"@type":"ReadAction","target":["https:\/\/oficinaeconomicagalicia.xunta.gal\/es\/eventos\/webinar-webinario-primeros-pasos-para-vender-en-amazon-que-debes-tener-en-cuenta\/"]}]},{"@type":"ImageObject","inLanguage":"es","@id":"https:\/\/oficinaeconomicagalicia.xunta.gal\/es\/eventos\/webinar-webinario-primeros-pasos-para-vender-en-amazon-que-debes-tener-en-cuenta\/#primaryimage","url":"https:\/\/oficinaeconomicagalicia.xunta.gal\/wp-content\/uploads\/2026\/03\/1477-1.jpg","contentUrl":"https:\/\/oficinaeconomicagalicia.xunta.gal\/wp-content\/uploads\/2026\/03\/1477-1.jpg","width":1000,"height":667},{"@type":"BreadcrumbList","@id":"https:\/\/oficinaeconomicagalicia.xunta.gal\/es\/eventos\/webinar-webinario-primeros-pasos-para-vender-en-amazon-que-debes-tener-en-cuenta\/#breadcrumb","itemListElement":[{"@type":"ListItem","position":1,"name":"Inicio","item":"https:\/\/oficinaeconomicagalicia.xunta.gal\/"},{"@type":"ListItem","position":2,"name":"Webinar | Webinario | Primeros pasos para vender en Amazon: qu\u00e9 debes tener en cuenta"}]},{"@type":"WebSite","@id":"https:\/\/oficinaeconomicagalicia.xunta.gal\/#website","url":"https:\/\/oficinaeconomicagalicia.xunta.gal\/","name":"Oficina Econ\u00f3mica de Galicia","description":"Convertir calquera tr\u00e1mite nun mero tr\u00e1mite","publisher":{"@id":"https:\/\/oficinaeconomicagalicia.xunta.gal\/#organization"},"potentialAction":[{"@type":"SearchAction","target":{"@type":"EntryPoint","urlTemplate":"https:\/\/oficinaeconomicagalicia.xunta.gal\/?s={search_term_string}"},"query-input":{"@type":"PropertyValueSpecification","valueRequired":true,"valueName":"search_term_string"}}],"inLanguage":"es"},{"@type":"Organization","@id":"https:\/\/oficinaeconomicagalicia.xunta.gal\/#organization","name":"Oficina Econ\u00f3mica de Galicia","alternateName":"OEG","url":"https:\/\/oficinaeconomicagalicia.xunta.gal\/","logo":{"@type":"ImageObject","inLanguage":"es","@id":"https:\/\/oficinaeconomicagalicia.xunta.gal\/#\/schema\/logo\/image\/","url":"https:\/\/oficinaeconomicagalicia.xunta.gal\/wp-content\/uploads\/2023\/04\/xunta.svg","contentUrl":"https:\/\/oficinaeconomicagalicia.xunta.gal\/wp-content\/uploads\/2023\/04\/xunta.svg","width":5952.76,"height":1700.79,"caption":"Oficina Econ\u00f3mica de Galicia"},"image":{"@id":"https:\/\/oficinaeconomicagalicia.xunta.gal\/#\/schema\/logo\/image\/"},"sameAs":["https:\/\/www.facebook.com\/OficinaEconomicadeGalicia\/","https:\/\/www.linkedin.com\/company\/oficina-economica-de-galicia\/"]}]}},"_links":{"self":[{"href":"https:\/\/oficinaeconomicagalicia.xunta.gal\/es\/wp-json\/wp\/v2\/eventos\/19540","targetHints":{"allow":["GET"]}}],"collection":[{"href":"https:\/\/oficinaeconomicagalicia.xunta.gal\/es\/wp-json\/wp\/v2\/eventos"}],"about":[{"href":"https:\/\/oficinaeconomicagalicia.xunta.gal\/es\/wp-json\/wp\/v2\/types\/eventos"}],"version-history":[{"count":1,"href":"https:\/\/oficinaeconomicagalicia.xunta.gal\/es\/wp-json\/wp\/v2\/eventos\/19540\/revisions"}],"predecessor-version":[{"id":19541,"href":"https:\/\/oficinaeconomicagalicia.xunta.gal\/es\/wp-json\/wp\/v2\/eventos\/19540\/revisions\/19541"}],"wp:featuredmedia":[{"embeddable":true,"href":"https:\/\/oficinaeconomicagalicia.xunta.gal\/es\/wp-json\/wp\/v2\/media\/19328"}],"wp:attachment":[{"href":"https:\/\/oficinaeconomicagalicia.xunta.gal\/es\/wp-json\/wp\/v2\/media?parent=19540"}],"curies":[{"name":"wp","href":"https:\/\/api.w.org\/{rel}","templated":true}]}}