{"id":15696,"date":"2025-07-16T09:30:52","date_gmt":"2025-07-16T07:30:52","guid":{"rendered":"https:\/\/oficinaeconomicagalicia.xunta.gal\/?post_type=faqs-ambitos&#038;p=15696"},"modified":"2025-07-23T12:53:41","modified_gmt":"2025-07-23T10:53:41","slug":"usar-excel-para-hacer-facturas-obligaria-a-utilizar-verifactu","status":"publish","type":"faqs-ambitos","link":"https:\/\/oficinaeconomicagalicia.xunta.gal\/es\/faqs-ambitos\/usar-excel-para-hacer-facturas-obligaria-a-utilizar-verifactu\/","title":{"rendered":"\u00bfUsar Excel para hacer facturas obligar\u00eda a utilizar VERI*FACTU?"},"content":{"rendered":"<p>S\u00ed y no. La cuesti\u00f3n no es la utilizaci\u00f3n de Excel en s\u00ed, sino <strong>si cumple o no con el reglamento t\u00e9cnico<\/strong>.<br \/>\nSi usas Excel <em>como herramienta para emitir facturas<\/em>, debes saber que:<\/p>\n<ul>\n<li><strong>Excel no garantiza por s\u00ed solo<\/strong> la integridad, inalterabilidad, trazabilidad ni la firma digital de los registros.<\/li>\n<li>Por lo tanto, <strong>no se considera un sistema v\u00e1lido<\/strong> seg\u00fan el <strong>RD 1007\/2023<\/strong>.<\/li>\n<\/ul>\n<p>Conclusi\u00f3n:<\/p>\n<ul>\n<li><strong>Tendr\u00edas que cambiar de sistema<\/strong> o integrar Excel con un <strong>software complementario que genere los registros electr\u00f3nicos y los firme<\/strong>, conforme a la normativa VERI*FACTU, tanto si vas a usar la conexi\u00f3n a la AEAT como si no.<\/li>\n<\/ul>\n<p>Si necesitas asesoramiento gratuito, puedes solicitarlo a trav\u00e9s de este <a href=\"https:\/\/asesoramento-oficinaeconomica.igape.es\/inquiry\/gl\/stepper\/?axisId=2&amp;scopeId=4\" target=\"_blank\" rel=\"noopener\">enlace<\/a>.<\/p>\n","protected":false},"excerpt":{"rendered":"<p>Si usas Excel como herramienta para emitir facturas, debes saber que: Excel no garantiza por s\u00ed solo la integridad<\/p>\n","protected":false},"template":"","categorias":[62,65],"class_list":["post-15696","faqs-ambitos","type-faqs-ambitos","status-publish","hentry","categorias-competitividad","categorias-operaciones"],"yoast_head":"<!-- This site is optimized with the Yoast SEO plugin v27.5 - https:\/\/yoast.com\/product\/yoast-seo-wordpress\/ -->\n<title>\u00bfUsar Excel para hacer facturas obligar\u00eda a utilizar VERI*FACTU? - Oficina Econ\u00f3mica de Galicia<\/title>\n<meta name=\"description\" content=\"Si usas Excel como herramienta para emitir facturas, debes saber que: Excel no garantiza por s\u00ed solo la integridad\" \/>\n<meta name=\"robots\" content=\"index, follow, max-snippet:-1, max-image-preview:large, max-video-preview:-1\" \/>\n<link rel=\"canonical\" href=\"https:\/\/oficinaeconomicagalicia.xunta.gal\/es\/faqs-ambitos\/usar-excel-para-hacer-facturas-obligaria-a-utilizar-verifactu\/\" \/>\n<meta property=\"og:locale\" content=\"es_ES\" \/>\n<meta property=\"og:type\" content=\"article\" \/>\n<meta property=\"og:title\" content=\"\u00bfUsar Excel para hacer facturas obligar\u00eda a utilizar VERI*FACTU? - Oficina Econ\u00f3mica de Galicia\" \/>\n<meta property=\"og:description\" content=\"Si usas Excel como herramienta para emitir facturas, debes saber que: Excel no garantiza por s\u00ed solo la integridad\" \/>\n<meta property=\"og:url\" content=\"https:\/\/oficinaeconomicagalicia.xunta.gal\/es\/faqs-ambitos\/usar-excel-para-hacer-facturas-obligaria-a-utilizar-verifactu\/\" \/>\n<meta property=\"og:site_name\" content=\"Oficina Econ\u00f3mica de Galicia\" \/>\n<meta property=\"article:publisher\" content=\"https:\/\/www.facebook.com\/OficinaEconomicadeGalicia\/\" \/>\n<meta property=\"article:modified_time\" content=\"2025-07-23T10:53:41+00:00\" \/>\n<meta name=\"twitter:card\" content=\"summary_large_image\" \/>\n<meta name=\"twitter:label1\" content=\"Tiempo de lectura\" \/>\n\t<meta name=\"twitter:data1\" content=\"1 minuto\" \/>\n<script type=\"application\/ld+json\" class=\"yoast-schema-graph\">{\"@context\":\"https:\\\/\\\/schema.org\",\"@graph\":[{\"@type\":\"WebPage\",\"@id\":\"https:\\\/\\\/oficinaeconomicagalicia.xunta.gal\\\/es\\\/faqs-ambitos\\\/usar-excel-para-hacer-facturas-obligaria-a-utilizar-verifactu\\\/\",\"url\":\"https:\\\/\\\/oficinaeconomicagalicia.xunta.gal\\\/es\\\/faqs-ambitos\\\/usar-excel-para-hacer-facturas-obligaria-a-utilizar-verifactu\\\/\",\"name\":\"\u00bfUsar Excel para hacer facturas obligar\u00eda a utilizar VERI*FACTU? - Oficina Econ\u00f3mica de Galicia\",\"isPartOf\":{\"@id\":\"https:\\\/\\\/oficinaeconomicagalicia.xunta.gal\\\/#website\"},\"datePublished\":\"2025-07-16T07:30:52+00:00\",\"dateModified\":\"2025-07-23T10:53:41+00:00\",\"description\":\"Si usas Excel como herramienta para emitir facturas, debes saber que: Excel no garantiza por s\u00ed solo la integridad\",\"breadcrumb\":{\"@id\":\"https:\\\/\\\/oficinaeconomicagalicia.xunta.gal\\\/es\\\/faqs-ambitos\\\/usar-excel-para-hacer-facturas-obligaria-a-utilizar-verifactu\\\/#breadcrumb\"},\"inLanguage\":\"es\",\"potentialAction\":[{\"@type\":\"ReadAction\",\"target\":[\"https:\\\/\\\/oficinaeconomicagalicia.xunta.gal\\\/es\\\/faqs-ambitos\\\/usar-excel-para-hacer-facturas-obligaria-a-utilizar-verifactu\\\/\"]}]},{\"@type\":\"BreadcrumbList\",\"@id\":\"https:\\\/\\\/oficinaeconomicagalicia.xunta.gal\\\/es\\\/faqs-ambitos\\\/usar-excel-para-hacer-facturas-obligaria-a-utilizar-verifactu\\\/#breadcrumb\",\"itemListElement\":[{\"@type\":\"ListItem\",\"position\":1,\"name\":\"Inicio\",\"item\":\"https:\\\/\\\/oficinaeconomicagalicia.xunta.gal\\\/\"},{\"@type\":\"ListItem\",\"position\":2,\"name\":\"\u00bfUsar Excel para hacer facturas obligar\u00eda a utilizar VERI*FACTU?\"}]},{\"@type\":\"WebSite\",\"@id\":\"https:\\\/\\\/oficinaeconomicagalicia.xunta.gal\\\/#website\",\"url\":\"https:\\\/\\\/oficinaeconomicagalicia.xunta.gal\\\/\",\"name\":\"Oficina Econ\u00f3mica de Galicia\",\"description\":\"Convertir calquera tr\u00e1mite nun mero tr\u00e1mite\",\"publisher\":{\"@id\":\"https:\\\/\\\/oficinaeconomicagalicia.xunta.gal\\\/#organization\"},\"potentialAction\":[{\"@type\":\"SearchAction\",\"target\":{\"@type\":\"EntryPoint\",\"urlTemplate\":\"https:\\\/\\\/oficinaeconomicagalicia.xunta.gal\\\/?s={search_term_string}\"},\"query-input\":{\"@type\":\"PropertyValueSpecification\",\"valueRequired\":true,\"valueName\":\"search_term_string\"}}],\"inLanguage\":\"es\"},{\"@type\":\"Organization\",\"@id\":\"https:\\\/\\\/oficinaeconomicagalicia.xunta.gal\\\/#organization\",\"name\":\"Oficina Econ\u00f3mica de Galicia\",\"alternateName\":\"OEG\",\"url\":\"https:\\\/\\\/oficinaeconomicagalicia.xunta.gal\\\/\",\"logo\":{\"@type\":\"ImageObject\",\"inLanguage\":\"es\",\"@id\":\"https:\\\/\\\/oficinaeconomicagalicia.xunta.gal\\\/#\\\/schema\\\/logo\\\/image\\\/\",\"url\":\"https:\\\/\\\/oficinaeconomicagalicia.xunta.gal\\\/wp-content\\\/uploads\\\/2023\\\/04\\\/xunta.svg\",\"contentUrl\":\"https:\\\/\\\/oficinaeconomicagalicia.xunta.gal\\\/wp-content\\\/uploads\\\/2023\\\/04\\\/xunta.svg\",\"width\":5952.76,\"height\":1700.79,\"caption\":\"Oficina Econ\u00f3mica de Galicia\"},\"image\":{\"@id\":\"https:\\\/\\\/oficinaeconomicagalicia.xunta.gal\\\/#\\\/schema\\\/logo\\\/image\\\/\"},\"sameAs\":[\"https:\\\/\\\/www.facebook.com\\\/OficinaEconomicadeGalicia\\\/\",\"https:\\\/\\\/www.linkedin.com\\\/company\\\/oficina-economica-de-galicia\\\/\"]}]}<\/script>\n<!-- \/ Yoast SEO plugin. -->","yoast_head_json":{"title":"\u00bfUsar Excel para hacer facturas obligar\u00eda a utilizar VERI*FACTU? - Oficina Econ\u00f3mica de Galicia","description":"Si usas Excel como herramienta para emitir facturas, debes saber que: Excel no garantiza por s\u00ed solo la integridad","robots":{"index":"index","follow":"follow","max-snippet":"max-snippet:-1","max-image-preview":"max-image-preview:large","max-video-preview":"max-video-preview:-1"},"canonical":"https:\/\/oficinaeconomicagalicia.xunta.gal\/es\/faqs-ambitos\/usar-excel-para-hacer-facturas-obligaria-a-utilizar-verifactu\/","og_locale":"es_ES","og_type":"article","og_title":"\u00bfUsar Excel para hacer facturas obligar\u00eda a utilizar VERI*FACTU? - Oficina Econ\u00f3mica de Galicia","og_description":"Si usas Excel como herramienta para emitir facturas, debes saber que: Excel no garantiza por s\u00ed solo la integridad","og_url":"https:\/\/oficinaeconomicagalicia.xunta.gal\/es\/faqs-ambitos\/usar-excel-para-hacer-facturas-obligaria-a-utilizar-verifactu\/","og_site_name":"Oficina Econ\u00f3mica de Galicia","article_publisher":"https:\/\/www.facebook.com\/OficinaEconomicadeGalicia\/","article_modified_time":"2025-07-23T10:53:41+00:00","twitter_card":"summary_large_image","twitter_misc":{"Tiempo de lectura":"1 minuto"},"schema":{"@context":"https:\/\/schema.org","@graph":[{"@type":"WebPage","@id":"https:\/\/oficinaeconomicagalicia.xunta.gal\/es\/faqs-ambitos\/usar-excel-para-hacer-facturas-obligaria-a-utilizar-verifactu\/","url":"https:\/\/oficinaeconomicagalicia.xunta.gal\/es\/faqs-ambitos\/usar-excel-para-hacer-facturas-obligaria-a-utilizar-verifactu\/","name":"\u00bfUsar Excel para hacer facturas obligar\u00eda a utilizar VERI*FACTU? - Oficina Econ\u00f3mica de Galicia","isPartOf":{"@id":"https:\/\/oficinaeconomicagalicia.xunta.gal\/#website"},"datePublished":"2025-07-16T07:30:52+00:00","dateModified":"2025-07-23T10:53:41+00:00","description":"Si usas Excel como herramienta para emitir facturas, debes saber que: Excel no garantiza por s\u00ed solo la integridad","breadcrumb":{"@id":"https:\/\/oficinaeconomicagalicia.xunta.gal\/es\/faqs-ambitos\/usar-excel-para-hacer-facturas-obligaria-a-utilizar-verifactu\/#breadcrumb"},"inLanguage":"es","potentialAction":[{"@type":"ReadAction","target":["https:\/\/oficinaeconomicagalicia.xunta.gal\/es\/faqs-ambitos\/usar-excel-para-hacer-facturas-obligaria-a-utilizar-verifactu\/"]}]},{"@type":"BreadcrumbList","@id":"https:\/\/oficinaeconomicagalicia.xunta.gal\/es\/faqs-ambitos\/usar-excel-para-hacer-facturas-obligaria-a-utilizar-verifactu\/#breadcrumb","itemListElement":[{"@type":"ListItem","position":1,"name":"Inicio","item":"https:\/\/oficinaeconomicagalicia.xunta.gal\/"},{"@type":"ListItem","position":2,"name":"\u00bfUsar Excel para hacer facturas obligar\u00eda a utilizar VERI*FACTU?"}]},{"@type":"WebSite","@id":"https:\/\/oficinaeconomicagalicia.xunta.gal\/#website","url":"https:\/\/oficinaeconomicagalicia.xunta.gal\/","name":"Oficina Econ\u00f3mica de Galicia","description":"Convertir calquera tr\u00e1mite nun mero tr\u00e1mite","publisher":{"@id":"https:\/\/oficinaeconomicagalicia.xunta.gal\/#organization"},"potentialAction":[{"@type":"SearchAction","target":{"@type":"EntryPoint","urlTemplate":"https:\/\/oficinaeconomicagalicia.xunta.gal\/?s={search_term_string}"},"query-input":{"@type":"PropertyValueSpecification","valueRequired":true,"valueName":"search_term_string"}}],"inLanguage":"es"},{"@type":"Organization","@id":"https:\/\/oficinaeconomicagalicia.xunta.gal\/#organization","name":"Oficina Econ\u00f3mica de Galicia","alternateName":"OEG","url":"https:\/\/oficinaeconomicagalicia.xunta.gal\/","logo":{"@type":"ImageObject","inLanguage":"es","@id":"https:\/\/oficinaeconomicagalicia.xunta.gal\/#\/schema\/logo\/image\/","url":"https:\/\/oficinaeconomicagalicia.xunta.gal\/wp-content\/uploads\/2023\/04\/xunta.svg","contentUrl":"https:\/\/oficinaeconomicagalicia.xunta.gal\/wp-content\/uploads\/2023\/04\/xunta.svg","width":5952.76,"height":1700.79,"caption":"Oficina Econ\u00f3mica de Galicia"},"image":{"@id":"https:\/\/oficinaeconomicagalicia.xunta.gal\/#\/schema\/logo\/image\/"},"sameAs":["https:\/\/www.facebook.com\/OficinaEconomicadeGalicia\/","https:\/\/www.linkedin.com\/company\/oficina-economica-de-galicia\/"]}]}},"_links":{"self":[{"href":"https:\/\/oficinaeconomicagalicia.xunta.gal\/es\/wp-json\/wp\/v2\/faqs-ambitos\/15696","targetHints":{"allow":["GET"]}}],"collection":[{"href":"https:\/\/oficinaeconomicagalicia.xunta.gal\/es\/wp-json\/wp\/v2\/faqs-ambitos"}],"about":[{"href":"https:\/\/oficinaeconomicagalicia.xunta.gal\/es\/wp-json\/wp\/v2\/types\/faqs-ambitos"}],"version-history":[{"count":1,"href":"https:\/\/oficinaeconomicagalicia.xunta.gal\/es\/wp-json\/wp\/v2\/faqs-ambitos\/15696\/revisions"}],"predecessor-version":[{"id":15792,"href":"https:\/\/oficinaeconomicagalicia.xunta.gal\/es\/wp-json\/wp\/v2\/faqs-ambitos\/15696\/revisions\/15792"}],"wp:attachment":[{"href":"https:\/\/oficinaeconomicagalicia.xunta.gal\/es\/wp-json\/wp\/v2\/media?parent=15696"}],"wp:term":[{"taxonomy":"categorias","embeddable":true,"href":"https:\/\/oficinaeconomicagalicia.xunta.gal\/es\/wp-json\/wp\/v2\/categorias?post=15696"}],"curies":[{"name":"wp","href":"https:\/\/api.w.org\/{rel}","templated":true}]}}